{"id":2477,"date":"2025-09-02T17:24:35","date_gmt":"2025-09-02T16:24:35","guid":{"rendered":"https:\/\/flamaster.com.pl\/?post_type=astra-portfolio&#038;p=2477"},"modified":"2025-09-02T17:27:17","modified_gmt":"2025-09-02T16:27:17","slug":"elementor-page-3013","status":"publish","type":"astra-portfolio","link":"https:\/\/flamaster.com.pl\/en\/astra-portfolio\/elementor-page-3013\/","title":{"rendered":"Paradise Apartment in the Heart of Krakow"},"content":{"rendered":"\t\t<div data-elementor-type=\"wp-post\" data-elementor-id=\"2477\" class=\"elementor elementor-2477\" data-elementor-post-type=\"astra-portfolio\">\n\t\t\t\t<div class=\"elementor-element elementor-element-497bc8b e-flex e-con-boxed e-con e-parent\" data-id=\"497bc8b\" data-element_type=\"container\" data-e-type=\"container\" data-settings=\"{&quot;background_background&quot;:&quot;slideshow&quot;,&quot;background_slideshow_gallery&quot;:[{&quot;id&quot;:1968,&quot;url&quot;:&quot;https:\\\/\\\/flamaster.com.pl\\\/wp-content\\\/uploads\\\/2023\\\/11\\\/flamaster-pracownia-projektowania-wnetrz-krakow-apartament-na-wynajem.webp&quot;},{&quot;id&quot;:1969,&quot;url&quot;:&quot;https:\\\/\\\/flamaster.com.pl\\\/wp-content\\\/uploads\\\/2023\\\/11\\\/flamaster-pracownia-projektowania-wnetrz-krakow-apartament-na-wynajem-1.webp&quot;}],&quot;background_slideshow_slide_duration&quot;:35000,&quot;background_slideshow_ken_burns&quot;:&quot;yes&quot;,&quot;background_slideshow_loop&quot;:&quot;yes&quot;,&quot;background_slideshow_slide_transition&quot;:&quot;fade&quot;,&quot;background_slideshow_transition_duration&quot;:500,&quot;background_slideshow_ken_burns_zoom_direction&quot;:&quot;in&quot;}\">\n\t\t\t\t\t<div class=\"e-con-inner\">\n\t\t<div class=\"elementor-element elementor-element-1f5628b e-con-full e-flex e-con e-child\" data-id=\"1f5628b\" data-element_type=\"container\" data-e-type=\"container\">\n\t\t\t\t<div class=\"elementor-element elementor-element-70b4844 elementor-widget elementor-widget-heading\" data-id=\"70b4844\" data-element_type=\"widget\" data-e-type=\"widget\" data-widget_type=\"heading.default\">\n\t\t\t\t<div class=\"elementor-widget-container\">\n\t\t\t\t\t<h1 class=\"elementor-heading-title elementor-size-default\">\u2018\u2019Rajski Apartament\u2019\u2019 w sercu Krakowa<\/h1>\t\t\t\t<\/div>\n\t\t\t\t<\/div>\n\t\t\t\t<div class=\"elementor-element elementor-element-e768411 elementor-widget elementor-widget-text-editor\" data-id=\"e768411\" data-element_type=\"widget\" data-e-type=\"widget\" data-widget_type=\"text-editor.default\">\n\t\t\t\t<div class=\"elementor-widget-container\">\n\t\t\t\t\t\t\t\t\tlokalizacja: ul. Rajska, Krak\u00f3w \t\t\t\t\t\t\t\t<\/div>\n\t\t\t\t<\/div>\n\t\t\t\t<div class=\"elementor-element elementor-element-1f35711 elementor-widget elementor-widget-text-editor\" data-id=\"1f35711\" data-element_type=\"widget\" data-e-type=\"widget\" data-widget_type=\"text-editor.default\">\n\t\t\t\t<div class=\"elementor-widget-container\">\n\t\t\t\t\t\t\t\t\t<p>zakres: PROJEKT WN\u0118TRZ, ROLA INWESTORA ZAST\u0118PCZEGO<\/p>\t\t\t\t\t\t\t\t<\/div>\n\t\t\t\t<\/div>\n\t\t\t\t<div class=\"elementor-element elementor-element-02c08df elementor-align-center elementor-widget elementor-widget-button\" data-id=\"02c08df\" data-element_type=\"widget\" data-e-type=\"widget\" data-widget_type=\"button.default\">\n\t\t\t\t<div class=\"elementor-widget-container\">\n\t\t\t\t\t\t\t\t\t<div class=\"elementor-button-wrapper\">\n\t\t\t\t\t<a class=\"elementor-button elementor-button-link elementor-size-sm\" href=\"#rajska-szczegoly\">\n\t\t\t\t\t\t<span class=\"elementor-button-content-wrapper\">\n\t\t\t\t\t\t\t\t\t<span class=\"elementor-button-text\">poznaj szczeg\u00f3\u0142y<\/span>\n\t\t\t\t\t<\/span>\n\t\t\t\t\t<\/a>\n\t\t\t\t<\/div>\n\t\t\t\t\t\t\t\t<\/div>\n\t\t\t\t<\/div>\n\t\t\t\t<\/div>\n\t\t\t\t\t<\/div>\n\t\t\t\t<\/div>\n\t\t<div class=\"elementor-element elementor-element-fd599b9 e-flex e-con-boxed e-con e-parent\" data-id=\"fd599b9\" data-element_type=\"container\" data-e-type=\"container\" id=\"rajska-szczegoly\" data-settings=\"{&quot;background_background&quot;:&quot;classic&quot;}\">\n\t\t\t\t\t<div class=\"e-con-inner\">\n\t\t<div class=\"elementor-element elementor-element-01ae58d e-con-full e-flex e-con e-child\" data-id=\"01ae58d\" data-element_type=\"container\" data-e-type=\"container\">\n\t\t\t\t<div class=\"elementor-element elementor-element-16a4e52 elementor-widget elementor-widget-text-editor\" data-id=\"16a4e52\" data-element_type=\"widget\" data-e-type=\"widget\" data-widget_type=\"text-editor.default\">\n\t\t\t\t<div class=\"elementor-widget-container\">\n\t\t\t\t\t\t\t\t\t<span style=\"font-weight: 400;\">Czy 35 metrowy apartament na wynajem mo\u017ce by\u0107 funkcjonalny, stylowy i wygodny? Tak! Oto efekt naszej wsp\u00f3\u0142pracy z Rafa\u0142em, w\u0142a\u015bcicielem Rajskiego Apartamentu w Krakowie.\u00a0<\/span> \t\t\t\t\t\t\t\t<\/div>\n\t\t\t\t<\/div>\n\t\t\t\t<div class=\"elementor-element elementor-element-bf2b28b elementor-widget elementor-widget-text-editor\" data-id=\"bf2b28b\" data-element_type=\"widget\" data-e-type=\"widget\" data-widget_type=\"text-editor.default\">\n\t\t\t\t<div class=\"elementor-widget-container\">\n\t\t\t\t\t\t\t\t\t<span style=\"font-weight: 400;\">Rafa\u0142 inwestuje w mieszkania przeznaczone na kr\u00f3tkoterminowy najem. Przy projektowaniu Rajskiego Apartamentu chcia\u0142 maksymalnie wykorzysta\u0107 jego przestrze\u0144 i dopasowa\u0107 j\u0105 do \u015bwietnej lokalizacji w sercu Krakowa: kultowych restauracji, teatr\u00f3w i kawiarni przy ul. Rajskiej.\u00a0<\/span> \t\t\t\t\t\t\t\t<\/div>\n\t\t\t\t<\/div>\n\t\t\t\t<div class=\"elementor-element elementor-element-592124c elementor-widget elementor-widget-gallery\" data-id=\"592124c\" data-element_type=\"widget\" data-e-type=\"widget\" data-settings=\"{&quot;lazyload&quot;:&quot;yes&quot;,&quot;gallery_layout&quot;:&quot;grid&quot;,&quot;columns&quot;:4,&quot;columns_tablet&quot;:2,&quot;columns_mobile&quot;:1,&quot;gap&quot;:{&quot;unit&quot;:&quot;px&quot;,&quot;size&quot;:10,&quot;sizes&quot;:[]},&quot;gap_tablet&quot;:{&quot;unit&quot;:&quot;px&quot;,&quot;size&quot;:10,&quot;sizes&quot;:[]},&quot;gap_mobile&quot;:{&quot;unit&quot;:&quot;px&quot;,&quot;size&quot;:10,&quot;sizes&quot;:[]},&quot;link_to&quot;:&quot;file&quot;,&quot;aspect_ratio&quot;:&quot;3:2&quot;,&quot;overlay_background&quot;:&quot;yes&quot;,&quot;content_hover_animation&quot;:&quot;fade-in&quot;}\" data-widget_type=\"gallery.default\">\n\t\t\t\t<div class=\"elementor-widget-container\">\n\t\t\t\t\t\t\t<div class=\"elementor-gallery__container\">\n\t\t\t\t\t\t\t<a class=\"e-gallery-item elementor-gallery-item elementor-animated-content\" href=\"https:\/\/flamaster.com.pl\/wp-content\/uploads\/2023\/06\/flamaster-pracownia-projektowania-wnetrz-krakow-apartament-na-wynajem-27.webp\" data-elementor-open-lightbox=\"yes\" data-elementor-lightbox-slideshow=\"592124c\" data-elementor-lightbox-title=\"flamaster-pracownia-projektowania-wnetrz-krakow-apartament-na-wynajem (27)\" data-e-action-hash=\"#elementor-action%3Aaction%3Dlightbox%26settings%3DeyJpZCI6MTc5NSwidXJsIjoiaHR0cHM6XC9cL2ZsYW1hc3Rlci5jb20ucGxcL3dwLWNvbnRlbnRcL3VwbG9hZHNcLzIwMjNcLzA2XC9mbGFtYXN0ZXItcHJhY293bmlhLXByb2pla3Rvd2FuaWEtd25ldHJ6LWtyYWtvdy1hcGFydGFtZW50LW5hLXd5bmFqZW0tMjcud2VicCIsInNsaWRlc2hvdyI6IjU5MjEyNGMifQ%3D%3D\">\n\t\t\t\t\t<div class=\"e-gallery-image elementor-gallery-item__image\" data-thumbnail=\"https:\/\/flamaster.com.pl\/wp-content\/uploads\/2023\/06\/flamaster-pracownia-projektowania-wnetrz-krakow-apartament-na-wynajem-27-300x169.webp\" data-width=\"300\" data-height=\"169\" aria-label=\"\" role=\"img\" ><\/div>\n\t\t\t\t\t\t\t\t\t\t\t<div class=\"elementor-gallery-item__overlay\"><\/div>\n\t\t\t\t\t\t\t\t\t\t\t\t\t\t<\/a>\n\t\t\t\t\t\t\t<a class=\"e-gallery-item elementor-gallery-item elementor-animated-content\" href=\"https:\/\/flamaster.com.pl\/wp-content\/uploads\/2023\/06\/flamaster-pracownia-projektowania-wnetrz-krakow-apartament-na-wynajem-25.webp\" data-elementor-open-lightbox=\"yes\" data-elementor-lightbox-slideshow=\"592124c\" data-elementor-lightbox-title=\"flamaster-pracownia-projektowania-wnetrz-krakow-apartament-na-wynajem (25)\" data-e-action-hash=\"#elementor-action%3Aaction%3Dlightbox%26settings%3DeyJpZCI6MTc5OSwidXJsIjoiaHR0cHM6XC9cL2ZsYW1hc3Rlci5jb20ucGxcL3dwLWNvbnRlbnRcL3VwbG9hZHNcLzIwMjNcLzA2XC9mbGFtYXN0ZXItcHJhY293bmlhLXByb2pla3Rvd2FuaWEtd25ldHJ6LWtyYWtvdy1hcGFydGFtZW50LW5hLXd5bmFqZW0tMjUud2VicCIsInNsaWRlc2hvdyI6IjU5MjEyNGMifQ%3D%3D\">\n\t\t\t\t\t<div class=\"e-gallery-image elementor-gallery-item__image\" data-thumbnail=\"https:\/\/flamaster.com.pl\/wp-content\/uploads\/2023\/06\/flamaster-pracownia-projektowania-wnetrz-krakow-apartament-na-wynajem-25-300x169.webp\" data-width=\"300\" data-height=\"169\" aria-label=\"\" role=\"img\" ><\/div>\n\t\t\t\t\t\t\t\t\t\t\t<div class=\"elementor-gallery-item__overlay\"><\/div>\n\t\t\t\t\t\t\t\t\t\t\t\t\t\t<\/a>\n\t\t\t\t\t\t\t<a class=\"e-gallery-item elementor-gallery-item elementor-animated-content\" href=\"https:\/\/flamaster.com.pl\/wp-content\/uploads\/2023\/06\/flamaster-pracownia-projektowania-wnetrz-krakow-apartament-na-wynajem-6.webp\" data-elementor-open-lightbox=\"yes\" data-elementor-lightbox-slideshow=\"592124c\" data-elementor-lightbox-title=\"flamaster-pracownia-projektowania-wnetrz-krakow-apartament-na-wynajem (6)\" data-e-action-hash=\"#elementor-action%3Aaction%3Dlightbox%26settings%3DeyJpZCI6MTc4OCwidXJsIjoiaHR0cHM6XC9cL2ZsYW1hc3Rlci5jb20ucGxcL3dwLWNvbnRlbnRcL3VwbG9hZHNcLzIwMjNcLzA2XC9mbGFtYXN0ZXItcHJhY293bmlhLXByb2pla3Rvd2FuaWEtd25ldHJ6LWtyYWtvdy1hcGFydGFtZW50LW5hLXd5bmFqZW0tNi53ZWJwIiwic2xpZGVzaG93IjoiNTkyMTI0YyJ9\">\n\t\t\t\t\t<div class=\"e-gallery-image elementor-gallery-item__image\" data-thumbnail=\"https:\/\/flamaster.com.pl\/wp-content\/uploads\/2023\/06\/flamaster-pracownia-projektowania-wnetrz-krakow-apartament-na-wynajem-6-300x225.webp\" data-width=\"300\" data-height=\"225\" aria-label=\"\" role=\"img\" ><\/div>\n\t\t\t\t\t\t\t\t\t\t\t<div class=\"elementor-gallery-item__overlay\"><\/div>\n\t\t\t\t\t\t\t\t\t\t\t\t\t\t<\/a>\n\t\t\t\t\t\t\t<a class=\"e-gallery-item elementor-gallery-item elementor-animated-content\" href=\"https:\/\/flamaster.com.pl\/wp-content\/uploads\/2023\/06\/flamaster-pracownia-projektowania-wnetrz-krakow-apartament-na-wynajem-26.webp\" data-elementor-open-lightbox=\"yes\" data-elementor-lightbox-slideshow=\"592124c\" data-elementor-lightbox-title=\"flamaster-pracownia-projektowania-wnetrz-krakow-apartament-na-wynajem (26)\" data-e-action-hash=\"#elementor-action%3Aaction%3Dlightbox%26settings%3DeyJpZCI6MTgwMCwidXJsIjoiaHR0cHM6XC9cL2ZsYW1hc3Rlci5jb20ucGxcL3dwLWNvbnRlbnRcL3VwbG9hZHNcLzIwMjNcLzA2XC9mbGFtYXN0ZXItcHJhY293bmlhLXByb2pla3Rvd2FuaWEtd25ldHJ6LWtyYWtvdy1hcGFydGFtZW50LW5hLXd5bmFqZW0tMjYud2VicCIsInNsaWRlc2hvdyI6IjU5MjEyNGMifQ%3D%3D\">\n\t\t\t\t\t<div class=\"e-gallery-image elementor-gallery-item__image\" data-thumbnail=\"https:\/\/flamaster.com.pl\/wp-content\/uploads\/2023\/06\/flamaster-pracownia-projektowania-wnetrz-krakow-apartament-na-wynajem-26-300x169.webp\" data-width=\"300\" data-height=\"169\" aria-label=\"\" role=\"img\" ><\/div>\n\t\t\t\t\t\t\t\t\t\t\t<div class=\"elementor-gallery-item__overlay\"><\/div>\n\t\t\t\t\t\t\t\t\t\t\t\t\t\t<\/a>\n\t\t\t\t\t\t\t<a class=\"e-gallery-item elementor-gallery-item elementor-animated-content\" href=\"https:\/\/flamaster.com.pl\/wp-content\/uploads\/2023\/06\/flamaster-pracownia-projektowania-wnetrz-krakow-apartament-na-wynajem-15.webp\" data-elementor-open-lightbox=\"yes\" data-elementor-lightbox-slideshow=\"592124c\" data-elementor-lightbox-title=\"flamaster-pracownia-projektowania-wnetrz-krakow-apartament-na-wynajem (15)\" data-e-action-hash=\"#elementor-action%3Aaction%3Dlightbox%26settings%3DeyJpZCI6MTc4NSwidXJsIjoiaHR0cHM6XC9cL2ZsYW1hc3Rlci5jb20ucGxcL3dwLWNvbnRlbnRcL3VwbG9hZHNcLzIwMjNcLzA2XC9mbGFtYXN0ZXItcHJhY293bmlhLXByb2pla3Rvd2FuaWEtd25ldHJ6LWtyYWtvdy1hcGFydGFtZW50LW5hLXd5bmFqZW0tMTUud2VicCIsInNsaWRlc2hvdyI6IjU5MjEyNGMifQ%3D%3D\">\n\t\t\t\t\t<div class=\"e-gallery-image elementor-gallery-item__image\" data-thumbnail=\"https:\/\/flamaster.com.pl\/wp-content\/uploads\/2023\/06\/flamaster-pracownia-projektowania-wnetrz-krakow-apartament-na-wynajem-15-300x225.webp\" data-width=\"300\" data-height=\"225\" aria-label=\"\" role=\"img\" ><\/div>\n\t\t\t\t\t\t\t\t\t\t\t<div class=\"elementor-gallery-item__overlay\"><\/div>\n\t\t\t\t\t\t\t\t\t\t\t\t\t\t<\/a>\n\t\t\t\t\t\t\t<a class=\"e-gallery-item elementor-gallery-item elementor-animated-content\" href=\"https:\/\/flamaster.com.pl\/wp-content\/uploads\/2023\/06\/flamaster-pracownia-projektowania-wnetrz-krakow-apartament-na-wynajem-17.webp\" data-elementor-open-lightbox=\"yes\" data-elementor-lightbox-slideshow=\"592124c\" data-elementor-lightbox-title=\"flamaster-pracownia-projektowania-wnetrz-krakow-apartament-na-wynajem (17)\" data-e-action-hash=\"#elementor-action%3Aaction%3Dlightbox%26settings%3DeyJpZCI6MTc5MCwidXJsIjoiaHR0cHM6XC9cL2ZsYW1hc3Rlci5jb20ucGxcL3dwLWNvbnRlbnRcL3VwbG9hZHNcLzIwMjNcLzA2XC9mbGFtYXN0ZXItcHJhY293bmlhLXByb2pla3Rvd2FuaWEtd25ldHJ6LWtyYWtvdy1hcGFydGFtZW50LW5hLXd5bmFqZW0tMTcud2VicCIsInNsaWRlc2hvdyI6IjU5MjEyNGMifQ%3D%3D\">\n\t\t\t\t\t<div class=\"e-gallery-image elementor-gallery-item__image\" data-thumbnail=\"https:\/\/flamaster.com.pl\/wp-content\/uploads\/2023\/06\/flamaster-pracownia-projektowania-wnetrz-krakow-apartament-na-wynajem-17-300x225.webp\" data-width=\"300\" data-height=\"225\" aria-label=\"\" role=\"img\" ><\/div>\n\t\t\t\t\t\t\t\t\t\t\t<div class=\"elementor-gallery-item__overlay\"><\/div>\n\t\t\t\t\t\t\t\t\t\t\t\t\t\t<\/a>\n\t\t\t\t\t\t\t<a class=\"e-gallery-item elementor-gallery-item elementor-animated-content\" href=\"https:\/\/flamaster.com.pl\/wp-content\/uploads\/2023\/06\/flamaster-pracownia-projektowania-wnetrz-krakow-apartament-na-wynajem-24.webp\" data-elementor-open-lightbox=\"yes\" data-elementor-lightbox-slideshow=\"592124c\" data-elementor-lightbox-title=\"flamaster-pracownia-projektowania-wnetrz-krakow-apartament-na-wynajem (24)\" data-e-action-hash=\"#elementor-action%3Aaction%3Dlightbox%26settings%3DeyJpZCI6MTc5MSwidXJsIjoiaHR0cHM6XC9cL2ZsYW1hc3Rlci5jb20ucGxcL3dwLWNvbnRlbnRcL3VwbG9hZHNcLzIwMjNcLzA2XC9mbGFtYXN0ZXItcHJhY293bmlhLXByb2pla3Rvd2FuaWEtd25ldHJ6LWtyYWtvdy1hcGFydGFtZW50LW5hLXd5bmFqZW0tMjQud2VicCIsInNsaWRlc2hvdyI6IjU5MjEyNGMifQ%3D%3D\">\n\t\t\t\t\t<div class=\"e-gallery-image elementor-gallery-item__image\" data-thumbnail=\"https:\/\/flamaster.com.pl\/wp-content\/uploads\/2023\/06\/flamaster-pracownia-projektowania-wnetrz-krakow-apartament-na-wynajem-24-300x169.webp\" data-width=\"300\" data-height=\"169\" aria-label=\"\" role=\"img\" ><\/div>\n\t\t\t\t\t\t\t\t\t\t\t<div class=\"elementor-gallery-item__overlay\"><\/div>\n\t\t\t\t\t\t\t\t\t\t\t\t\t\t<\/a>\n\t\t\t\t\t\t\t<a class=\"e-gallery-item elementor-gallery-item elementor-animated-content\" href=\"https:\/\/flamaster.com.pl\/wp-content\/uploads\/2025\/09\/DSCF1747.jpg\" data-elementor-open-lightbox=\"yes\" data-elementor-lightbox-slideshow=\"592124c\" data-elementor-lightbox-title=\"DSCF1747\" data-e-action-hash=\"#elementor-action%3Aaction%3Dlightbox%26settings%3DeyJpZCI6MzAwOCwidXJsIjoiaHR0cHM6XC9cL2ZsYW1hc3Rlci5jb20ucGxcL3dwLWNvbnRlbnRcL3VwbG9hZHNcLzIwMjVcLzA5XC9EU0NGMTc0Ny5qcGciLCJzbGlkZXNob3ciOiI1OTIxMjRjIn0%3D\">\n\t\t\t\t\t<div class=\"e-gallery-image elementor-gallery-item__image\" data-thumbnail=\"https:\/\/flamaster.com.pl\/wp-content\/uploads\/2025\/09\/DSCF1747-225x300.jpg\" data-width=\"225\" data-height=\"300\" aria-label=\"\" role=\"img\" ><\/div>\n\t\t\t\t\t\t\t\t\t\t\t<div class=\"elementor-gallery-item__overlay\"><\/div>\n\t\t\t\t\t\t\t\t\t\t\t\t\t\t<\/a>\n\t\t\t\t\t\t\t<a class=\"e-gallery-item elementor-gallery-item elementor-animated-content\" href=\"https:\/\/flamaster.com.pl\/wp-content\/uploads\/2023\/06\/flamaster-pracownia-projektowania-wnetrz-krakow-apartament-na-wynajem-10.webp\" data-elementor-open-lightbox=\"yes\" data-elementor-lightbox-slideshow=\"592124c\" data-elementor-lightbox-title=\"flamaster-pracownia-projektowania-wnetrz-krakow-apartament-na-wynajem (10)\" data-e-action-hash=\"#elementor-action%3Aaction%3Dlightbox%26settings%3DeyJpZCI6MTc5MiwidXJsIjoiaHR0cHM6XC9cL2ZsYW1hc3Rlci5jb20ucGxcL3dwLWNvbnRlbnRcL3VwbG9hZHNcLzIwMjNcLzA2XC9mbGFtYXN0ZXItcHJhY293bmlhLXByb2pla3Rvd2FuaWEtd25ldHJ6LWtyYWtvdy1hcGFydGFtZW50LW5hLXd5bmFqZW0tMTAud2VicCIsInNsaWRlc2hvdyI6IjU5MjEyNGMifQ%3D%3D\">\n\t\t\t\t\t<div class=\"e-gallery-image elementor-gallery-item__image\" data-thumbnail=\"https:\/\/flamaster.com.pl\/wp-content\/uploads\/2023\/06\/flamaster-pracownia-projektowania-wnetrz-krakow-apartament-na-wynajem-10-225x300.webp\" data-width=\"225\" data-height=\"300\" aria-label=\"\" role=\"img\" ><\/div>\n\t\t\t\t\t\t\t\t\t\t\t<div class=\"elementor-gallery-item__overlay\"><\/div>\n\t\t\t\t\t\t\t\t\t\t\t\t\t\t<\/a>\n\t\t\t\t\t\t\t<a class=\"e-gallery-item elementor-gallery-item elementor-animated-content\" href=\"https:\/\/flamaster.com.pl\/wp-content\/uploads\/2023\/06\/flamaster-pracownia-projektowania-wnetrz-krakow-apartament-na-wynajem-7.webp\" data-elementor-open-lightbox=\"yes\" data-elementor-lightbox-slideshow=\"592124c\" data-elementor-lightbox-title=\"flamaster-pracownia-projektowania-wnetrz-krakow-apartament-na-wynajem (7)\" data-e-action-hash=\"#elementor-action%3Aaction%3Dlightbox%26settings%3DeyJpZCI6MTc5NywidXJsIjoiaHR0cHM6XC9cL2ZsYW1hc3Rlci5jb20ucGxcL3dwLWNvbnRlbnRcL3VwbG9hZHNcLzIwMjNcLzA2XC9mbGFtYXN0ZXItcHJhY293bmlhLXByb2pla3Rvd2FuaWEtd25ldHJ6LWtyYWtvdy1hcGFydGFtZW50LW5hLXd5bmFqZW0tNy53ZWJwIiwic2xpZGVzaG93IjoiNTkyMTI0YyJ9\">\n\t\t\t\t\t<div class=\"e-gallery-image elementor-gallery-item__image\" data-thumbnail=\"https:\/\/flamaster.com.pl\/wp-content\/uploads\/2023\/06\/flamaster-pracownia-projektowania-wnetrz-krakow-apartament-na-wynajem-7-300x169.webp\" data-width=\"300\" data-height=\"169\" aria-label=\"\" role=\"img\" ><\/div>\n\t\t\t\t\t\t\t\t\t\t\t<div class=\"elementor-gallery-item__overlay\"><\/div>\n\t\t\t\t\t\t\t\t\t\t\t\t\t\t<\/a>\n\t\t\t\t\t\t\t<a class=\"e-gallery-item elementor-gallery-item elementor-animated-content\" href=\"https:\/\/flamaster.com.pl\/wp-content\/uploads\/2023\/11\/flamaster-pracownia-projektowania-wnetrz-krakow-apartament-na-wynajem-1.webp\" data-elementor-open-lightbox=\"yes\" data-elementor-lightbox-slideshow=\"592124c\" data-elementor-lightbox-title=\"flamaster-pracownia-projektowania-wnetrz-krakow-apartament-na-wynajem\" data-e-action-hash=\"#elementor-action%3Aaction%3Dlightbox%26settings%3DeyJpZCI6MTk2OSwidXJsIjoiaHR0cHM6XC9cL2ZsYW1hc3Rlci5jb20ucGxcL3dwLWNvbnRlbnRcL3VwbG9hZHNcLzIwMjNcLzExXC9mbGFtYXN0ZXItcHJhY293bmlhLXByb2pla3Rvd2FuaWEtd25ldHJ6LWtyYWtvdy1hcGFydGFtZW50LW5hLXd5bmFqZW0tMS53ZWJwIiwic2xpZGVzaG93IjoiNTkyMTI0YyJ9\">\n\t\t\t\t\t<div class=\"e-gallery-image elementor-gallery-item__image\" data-thumbnail=\"https:\/\/flamaster.com.pl\/wp-content\/uploads\/2023\/11\/flamaster-pracownia-projektowania-wnetrz-krakow-apartament-na-wynajem-1-300x225.webp\" data-width=\"300\" data-height=\"225\" aria-label=\"\" role=\"img\" ><\/div>\n\t\t\t\t\t\t\t\t\t\t\t<div class=\"elementor-gallery-item__overlay\"><\/div>\n\t\t\t\t\t\t\t\t\t\t\t\t\t\t<\/a>\n\t\t\t\t\t\t\t<a class=\"e-gallery-item elementor-gallery-item elementor-animated-content\" href=\"https:\/\/flamaster.com.pl\/wp-content\/uploads\/2023\/06\/flamaster-pracownia-projektowania-wnetrz-krakow-apartament-na-wynajem-12.webp\" data-elementor-open-lightbox=\"yes\" data-elementor-lightbox-slideshow=\"592124c\" data-elementor-lightbox-title=\"flamaster-pracownia-projektowania-wnetrz-krakow-apartament-na-wynajem (12)\" data-e-action-hash=\"#elementor-action%3Aaction%3Dlightbox%26settings%3DeyJpZCI6MTc5NCwidXJsIjoiaHR0cHM6XC9cL2ZsYW1hc3Rlci5jb20ucGxcL3dwLWNvbnRlbnRcL3VwbG9hZHNcLzIwMjNcLzA2XC9mbGFtYXN0ZXItcHJhY293bmlhLXByb2pla3Rvd2FuaWEtd25ldHJ6LWtyYWtvdy1hcGFydGFtZW50LW5hLXd5bmFqZW0tMTIud2VicCIsInNsaWRlc2hvdyI6IjU5MjEyNGMifQ%3D%3D\">\n\t\t\t\t\t<div class=\"e-gallery-image elementor-gallery-item__image\" data-thumbnail=\"https:\/\/flamaster.com.pl\/wp-content\/uploads\/2023\/06\/flamaster-pracownia-projektowania-wnetrz-krakow-apartament-na-wynajem-12-300x225.webp\" data-width=\"300\" data-height=\"225\" aria-label=\"\" role=\"img\" ><\/div>\n\t\t\t\t\t\t\t\t\t\t\t<div class=\"elementor-gallery-item__overlay\"><\/div>\n\t\t\t\t\t\t\t\t\t\t\t\t\t\t<\/a>\n\t\t\t\t\t\t\t<a class=\"e-gallery-item elementor-gallery-item elementor-animated-content\" href=\"https:\/\/flamaster.com.pl\/wp-content\/uploads\/2023\/06\/flamaster-pracownia-projektowania-wnetrz-krakow-apartament-na-wynajem-23.webp\" data-elementor-open-lightbox=\"yes\" data-elementor-lightbox-slideshow=\"592124c\" data-elementor-lightbox-title=\"flamaster-pracownia-projektowania-wnetrz-krakow-apartament-na-wynajem (23)\" data-e-action-hash=\"#elementor-action%3Aaction%3Dlightbox%26settings%3DeyJpZCI6MTc5NiwidXJsIjoiaHR0cHM6XC9cL2ZsYW1hc3Rlci5jb20ucGxcL3dwLWNvbnRlbnRcL3VwbG9hZHNcLzIwMjNcLzA2XC9mbGFtYXN0ZXItcHJhY293bmlhLXByb2pla3Rvd2FuaWEtd25ldHJ6LWtyYWtvdy1hcGFydGFtZW50LW5hLXd5bmFqZW0tMjMud2VicCIsInNsaWRlc2hvdyI6IjU5MjEyNGMifQ%3D%3D\">\n\t\t\t\t\t<div class=\"e-gallery-image elementor-gallery-item__image\" data-thumbnail=\"https:\/\/flamaster.com.pl\/wp-content\/uploads\/2023\/06\/flamaster-pracownia-projektowania-wnetrz-krakow-apartament-na-wynajem-23-300x225.webp\" data-width=\"300\" data-height=\"225\" aria-label=\"\" role=\"img\" ><\/div>\n\t\t\t\t\t\t\t\t\t\t\t<div class=\"elementor-gallery-item__overlay\"><\/div>\n\t\t\t\t\t\t\t\t\t\t\t\t\t\t<\/a>\n\t\t\t\t\t\t\t<a class=\"e-gallery-item elementor-gallery-item elementor-animated-content\" href=\"https:\/\/flamaster.com.pl\/wp-content\/uploads\/2023\/06\/flamaster-pracownia-projektowania-wnetrz-krakow-apartament-na-wynajem-8.webp\" data-elementor-open-lightbox=\"yes\" data-elementor-lightbox-slideshow=\"592124c\" data-elementor-lightbox-title=\"flamaster-pracownia-projektowania-wnetrz-krakow-apartament-na-wynajem (8)\" data-e-action-hash=\"#elementor-action%3Aaction%3Dlightbox%26settings%3DeyJpZCI6MTgwMywidXJsIjoiaHR0cHM6XC9cL2ZsYW1hc3Rlci5jb20ucGxcL3dwLWNvbnRlbnRcL3VwbG9hZHNcLzIwMjNcLzA2XC9mbGFtYXN0ZXItcHJhY293bmlhLXByb2pla3Rvd2FuaWEtd25ldHJ6LWtyYWtvdy1hcGFydGFtZW50LW5hLXd5bmFqZW0tOC53ZWJwIiwic2xpZGVzaG93IjoiNTkyMTI0YyJ9\">\n\t\t\t\t\t<div class=\"e-gallery-image elementor-gallery-item__image\" data-thumbnail=\"https:\/\/flamaster.com.pl\/wp-content\/uploads\/2023\/06\/flamaster-pracownia-projektowania-wnetrz-krakow-apartament-na-wynajem-8-300x225.webp\" data-width=\"300\" data-height=\"225\" aria-label=\"\" role=\"img\" ><\/div>\n\t\t\t\t\t\t\t\t\t\t\t<div class=\"elementor-gallery-item__overlay\"><\/div>\n\t\t\t\t\t\t\t\t\t\t\t\t\t\t<\/a>\n\t\t\t\t\t\t\t<a class=\"e-gallery-item elementor-gallery-item elementor-animated-content\" href=\"https:\/\/flamaster.com.pl\/wp-content\/uploads\/2023\/06\/flamaster-pracownia-projektowania-wnetrz-krakow-apartament-na-wynajem-9.webp\" data-elementor-open-lightbox=\"yes\" data-elementor-lightbox-slideshow=\"592124c\" data-elementor-lightbox-title=\"flamaster-pracownia-projektowania-wnetrz-krakow-apartament-na-wynajem (9)\" data-e-action-hash=\"#elementor-action%3Aaction%3Dlightbox%26settings%3DeyJpZCI6MTgwMiwidXJsIjoiaHR0cHM6XC9cL2ZsYW1hc3Rlci5jb20ucGxcL3dwLWNvbnRlbnRcL3VwbG9hZHNcLzIwMjNcLzA2XC9mbGFtYXN0ZXItcHJhY293bmlhLXByb2pla3Rvd2FuaWEtd25ldHJ6LWtyYWtvdy1hcGFydGFtZW50LW5hLXd5bmFqZW0tOS53ZWJwIiwic2xpZGVzaG93IjoiNTkyMTI0YyJ9\">\n\t\t\t\t\t<div class=\"e-gallery-image elementor-gallery-item__image\" data-thumbnail=\"https:\/\/flamaster.com.pl\/wp-content\/uploads\/2023\/06\/flamaster-pracownia-projektowania-wnetrz-krakow-apartament-na-wynajem-9-300x225.webp\" data-width=\"300\" data-height=\"225\" aria-label=\"\" role=\"img\" ><\/div>\n\t\t\t\t\t\t\t\t\t\t\t<div class=\"elementor-gallery-item__overlay\"><\/div>\n\t\t\t\t\t\t\t\t\t\t\t\t\t\t<\/a>\n\t\t\t\t\t\t\t<a class=\"e-gallery-item elementor-gallery-item elementor-animated-content\" href=\"https:\/\/flamaster.com.pl\/wp-content\/uploads\/2023\/06\/flamaster-pracownia-projektowania-wnetrz-krakow-apartament-na-wynajem-5.webp\" data-elementor-open-lightbox=\"yes\" data-elementor-lightbox-slideshow=\"592124c\" data-elementor-lightbox-title=\"flamaster-pracownia-projektowania-wnetrz-krakow-apartament-na-wynajem (5)\" data-e-action-hash=\"#elementor-action%3Aaction%3Dlightbox%26settings%3DeyJpZCI6MTc4NCwidXJsIjoiaHR0cHM6XC9cL2ZsYW1hc3Rlci5jb20ucGxcL3dwLWNvbnRlbnRcL3VwbG9hZHNcLzIwMjNcLzA2XC9mbGFtYXN0ZXItcHJhY293bmlhLXByb2pla3Rvd2FuaWEtd25ldHJ6LWtyYWtvdy1hcGFydGFtZW50LW5hLXd5bmFqZW0tNS53ZWJwIiwic2xpZGVzaG93IjoiNTkyMTI0YyJ9\">\n\t\t\t\t\t<div class=\"e-gallery-image elementor-gallery-item__image\" data-thumbnail=\"https:\/\/flamaster.com.pl\/wp-content\/uploads\/2023\/06\/flamaster-pracownia-projektowania-wnetrz-krakow-apartament-na-wynajem-5-300x225.webp\" data-width=\"300\" data-height=\"225\" aria-label=\"\" role=\"img\" ><\/div>\n\t\t\t\t\t\t\t\t\t\t\t<div class=\"elementor-gallery-item__overlay\"><\/div>\n\t\t\t\t\t\t\t\t\t\t\t\t\t\t<\/a>\n\t\t\t\t\t\t\t<a class=\"e-gallery-item elementor-gallery-item elementor-animated-content\" href=\"https:\/\/flamaster.com.pl\/wp-content\/uploads\/2023\/06\/flamaster-pracownia-projektowania-wnetrz-krakow-apartament-na-wynajem-4.webp\" data-elementor-open-lightbox=\"yes\" data-elementor-lightbox-slideshow=\"592124c\" data-elementor-lightbox-title=\"flamaster-pracownia-projektowania-wnetrz-krakow-apartament-na-wynajem (4)\" data-e-action-hash=\"#elementor-action%3Aaction%3Dlightbox%26settings%3DeyJpZCI6MTc5OCwidXJsIjoiaHR0cHM6XC9cL2ZsYW1hc3Rlci5jb20ucGxcL3dwLWNvbnRlbnRcL3VwbG9hZHNcLzIwMjNcLzA2XC9mbGFtYXN0ZXItcHJhY293bmlhLXByb2pla3Rvd2FuaWEtd25ldHJ6LWtyYWtvdy1hcGFydGFtZW50LW5hLXd5bmFqZW0tNC53ZWJwIiwic2xpZGVzaG93IjoiNTkyMTI0YyJ9\">\n\t\t\t\t\t<div class=\"e-gallery-image elementor-gallery-item__image\" data-thumbnail=\"https:\/\/flamaster.com.pl\/wp-content\/uploads\/2023\/06\/flamaster-pracownia-projektowania-wnetrz-krakow-apartament-na-wynajem-4-300x225.webp\" data-width=\"300\" data-height=\"225\" aria-label=\"\" role=\"img\" ><\/div>\n\t\t\t\t\t\t\t\t\t\t\t<div class=\"elementor-gallery-item__overlay\"><\/div>\n\t\t\t\t\t\t\t\t\t\t\t\t\t\t<\/a>\n\t\t\t\t\t\t\t<a class=\"e-gallery-item elementor-gallery-item elementor-animated-content\" href=\"https:\/\/flamaster.com.pl\/wp-content\/uploads\/2023\/06\/flamaster-pracownia-projektowania-wnetrz-krakow-apartament-na-wynajem-2.webp\" data-elementor-open-lightbox=\"yes\" data-elementor-lightbox-slideshow=\"592124c\" data-elementor-lightbox-title=\"flamaster-pracownia-projektowania-wnetrz-krakow-apartament-na-wynajem (2)\" data-e-action-hash=\"#elementor-action%3Aaction%3Dlightbox%26settings%3DeyJpZCI6MTc4NiwidXJsIjoiaHR0cHM6XC9cL2ZsYW1hc3Rlci5jb20ucGxcL3dwLWNvbnRlbnRcL3VwbG9hZHNcLzIwMjNcLzA2XC9mbGFtYXN0ZXItcHJhY293bmlhLXByb2pla3Rvd2FuaWEtd25ldHJ6LWtyYWtvdy1hcGFydGFtZW50LW5hLXd5bmFqZW0tMi53ZWJwIiwic2xpZGVzaG93IjoiNTkyMTI0YyJ9\">\n\t\t\t\t\t<div class=\"e-gallery-image elementor-gallery-item__image\" data-thumbnail=\"https:\/\/flamaster.com.pl\/wp-content\/uploads\/2023\/06\/flamaster-pracownia-projektowania-wnetrz-krakow-apartament-na-wynajem-2-300x171.webp\" data-width=\"300\" data-height=\"171\" aria-label=\"\" role=\"img\" ><\/div>\n\t\t\t\t\t\t\t\t\t\t\t<div class=\"elementor-gallery-item__overlay\"><\/div>\n\t\t\t\t\t\t\t\t\t\t\t\t\t\t<\/a>\n\t\t\t\t\t\t\t<a class=\"e-gallery-item elementor-gallery-item elementor-animated-content\" href=\"https:\/\/flamaster.com.pl\/wp-content\/uploads\/2025\/09\/7.jpg\" data-elementor-open-lightbox=\"yes\" data-elementor-lightbox-slideshow=\"592124c\" data-elementor-lightbox-title=\"7\" data-e-action-hash=\"#elementor-action%3Aaction%3Dlightbox%26settings%3DeyJpZCI6MzAwMCwidXJsIjoiaHR0cHM6XC9cL2ZsYW1hc3Rlci5jb20ucGxcL3dwLWNvbnRlbnRcL3VwbG9hZHNcLzIwMjVcLzA5XC83LmpwZyIsInNsaWRlc2hvdyI6IjU5MjEyNGMifQ%3D%3D\">\n\t\t\t\t\t<div class=\"e-gallery-image elementor-gallery-item__image\" data-thumbnail=\"https:\/\/flamaster.com.pl\/wp-content\/uploads\/2025\/09\/7-225x300.jpg\" data-width=\"225\" data-height=\"300\" aria-label=\"\" role=\"img\" ><\/div>\n\t\t\t\t\t\t\t\t\t\t\t<div class=\"elementor-gallery-item__overlay\"><\/div>\n\t\t\t\t\t\t\t\t\t\t\t\t\t\t<\/a>\n\t\t\t\t\t\t\t<a class=\"e-gallery-item elementor-gallery-item elementor-animated-content\" href=\"https:\/\/flamaster.com.pl\/wp-content\/uploads\/2025\/09\/10.jpg\" data-elementor-open-lightbox=\"yes\" data-elementor-lightbox-slideshow=\"592124c\" data-elementor-lightbox-title=\"10\" data-e-action-hash=\"#elementor-action%3Aaction%3Dlightbox%26settings%3DeyJpZCI6MzAwMSwidXJsIjoiaHR0cHM6XC9cL2ZsYW1hc3Rlci5jb20ucGxcL3dwLWNvbnRlbnRcL3VwbG9hZHNcLzIwMjVcLzA5XC8xMC5qcGciLCJzbGlkZXNob3ciOiI1OTIxMjRjIn0%3D\">\n\t\t\t\t\t<div class=\"e-gallery-image elementor-gallery-item__image\" data-thumbnail=\"https:\/\/flamaster.com.pl\/wp-content\/uploads\/2025\/09\/10-225x300.jpg\" data-width=\"225\" data-height=\"300\" aria-label=\"\" role=\"img\" ><\/div>\n\t\t\t\t\t\t\t\t\t\t\t<div class=\"elementor-gallery-item__overlay\"><\/div>\n\t\t\t\t\t\t\t\t\t\t\t\t\t\t<\/a>\n\t\t\t\t\t\t\t<a class=\"e-gallery-item elementor-gallery-item elementor-animated-content\" href=\"https:\/\/flamaster.com.pl\/wp-content\/uploads\/2025\/09\/15.jpg\" data-elementor-open-lightbox=\"yes\" data-elementor-lightbox-slideshow=\"592124c\" data-elementor-lightbox-title=\"15\" data-e-action-hash=\"#elementor-action%3Aaction%3Dlightbox%26settings%3DeyJpZCI6MzAwMywidXJsIjoiaHR0cHM6XC9cL2ZsYW1hc3Rlci5jb20ucGxcL3dwLWNvbnRlbnRcL3VwbG9hZHNcLzIwMjVcLzA5XC8xNS5qcGciLCJzbGlkZXNob3ciOiI1OTIxMjRjIn0%3D\">\n\t\t\t\t\t<div class=\"e-gallery-image elementor-gallery-item__image\" data-thumbnail=\"https:\/\/flamaster.com.pl\/wp-content\/uploads\/2025\/09\/15-300x225.jpg\" data-width=\"300\" data-height=\"225\" aria-label=\"\" role=\"img\" ><\/div>\n\t\t\t\t\t\t\t\t\t\t\t<div class=\"elementor-gallery-item__overlay\"><\/div>\n\t\t\t\t\t\t\t\t\t\t\t\t\t\t<\/a>\n\t\t\t\t\t\t\t<a class=\"e-gallery-item elementor-gallery-item elementor-animated-content\" href=\"https:\/\/flamaster.com.pl\/wp-content\/uploads\/2023\/06\/flamaster-pracownia-projektowania-wnetrz-krakow-apartament-na-wynajem-18.webp\" data-elementor-open-lightbox=\"yes\" data-elementor-lightbox-slideshow=\"592124c\" data-elementor-lightbox-title=\"flamaster-pracownia-projektowania-wnetrz-krakow-apartament-na-wynajem (18)\" data-e-action-hash=\"#elementor-action%3Aaction%3Dlightbox%26settings%3DeyJpZCI6MTc4OSwidXJsIjoiaHR0cHM6XC9cL2ZsYW1hc3Rlci5jb20ucGxcL3dwLWNvbnRlbnRcL3VwbG9hZHNcLzIwMjNcLzA2XC9mbGFtYXN0ZXItcHJhY293bmlhLXByb2pla3Rvd2FuaWEtd25ldHJ6LWtyYWtvdy1hcGFydGFtZW50LW5hLXd5bmFqZW0tMTgud2VicCIsInNsaWRlc2hvdyI6IjU5MjEyNGMifQ%3D%3D\">\n\t\t\t\t\t<div class=\"e-gallery-image elementor-gallery-item__image\" data-thumbnail=\"https:\/\/flamaster.com.pl\/wp-content\/uploads\/2023\/06\/flamaster-pracownia-projektowania-wnetrz-krakow-apartament-na-wynajem-18-300x169.webp\" data-width=\"300\" data-height=\"169\" aria-label=\"\" role=\"img\" ><\/div>\n\t\t\t\t\t\t\t\t\t\t\t<div class=\"elementor-gallery-item__overlay\"><\/div>\n\t\t\t\t\t\t\t\t\t\t\t\t\t\t<\/a>\n\t\t\t\t\t\t\t<a class=\"e-gallery-item elementor-gallery-item elementor-animated-content\" href=\"https:\/\/flamaster.com.pl\/wp-content\/uploads\/2025\/09\/16.jpg\" data-elementor-open-lightbox=\"yes\" data-elementor-lightbox-slideshow=\"592124c\" data-elementor-lightbox-title=\"16\" data-e-action-hash=\"#elementor-action%3Aaction%3Dlightbox%26settings%3DeyJpZCI6MzAwNCwidXJsIjoiaHR0cHM6XC9cL2ZsYW1hc3Rlci5jb20ucGxcL3dwLWNvbnRlbnRcL3VwbG9hZHNcLzIwMjVcLzA5XC8xNi5qcGciLCJzbGlkZXNob3ciOiI1OTIxMjRjIn0%3D\">\n\t\t\t\t\t<div class=\"e-gallery-image elementor-gallery-item__image\" data-thumbnail=\"https:\/\/flamaster.com.pl\/wp-content\/uploads\/2025\/09\/16-225x300.jpg\" data-width=\"225\" data-height=\"300\" aria-label=\"\" role=\"img\" ><\/div>\n\t\t\t\t\t\t\t\t\t\t\t<div class=\"elementor-gallery-item__overlay\"><\/div>\n\t\t\t\t\t\t\t\t\t\t\t\t\t\t<\/a>\n\t\t\t\t\t\t\t<a class=\"e-gallery-item elementor-gallery-item elementor-animated-content\" href=\"https:\/\/flamaster.com.pl\/wp-content\/uploads\/2025\/09\/18.jpg\" data-elementor-open-lightbox=\"yes\" data-elementor-lightbox-slideshow=\"592124c\" data-elementor-lightbox-title=\"18\" data-e-action-hash=\"#elementor-action%3Aaction%3Dlightbox%26settings%3DeyJpZCI6MzAwNiwidXJsIjoiaHR0cHM6XC9cL2ZsYW1hc3Rlci5jb20ucGxcL3dwLWNvbnRlbnRcL3VwbG9hZHNcLzIwMjVcLzA5XC8xOC5qcGciLCJzbGlkZXNob3ciOiI1OTIxMjRjIn0%3D\">\n\t\t\t\t\t<div class=\"e-gallery-image elementor-gallery-item__image\" data-thumbnail=\"https:\/\/flamaster.com.pl\/wp-content\/uploads\/2025\/09\/18-300x225.jpg\" data-width=\"300\" data-height=\"225\" aria-label=\"\" role=\"img\" ><\/div>\n\t\t\t\t\t\t\t\t\t\t\t<div class=\"elementor-gallery-item__overlay\"><\/div>\n\t\t\t\t\t\t\t\t\t\t\t\t\t\t<\/a>\n\t\t\t\t\t<\/div>\n\t\t\t\t\t<\/div>\n\t\t\t\t<\/div>\n\t\t\t\t<div class=\"elementor-element elementor-element-dcf6fe7 elementor-widget elementor-widget-text-editor\" data-id=\"dcf6fe7\" data-element_type=\"widget\" data-e-type=\"widget\" data-widget_type=\"text-editor.default\">\n\t\t\t\t<div class=\"elementor-widget-container\">\n\t\t\t\t\t\t\t\t\t<span style=\"font-weight: 400;\">W\u0142a\u015bnie dlatego\u2026 <\/span><span style=\"font-weight: 400;\">wyburzy\u0142y\u015bmy \u015bciany i zmniejszy\u0142y\u015bmy \u0142azienk\u0119 do minimum. Mieszkanie zyska\u0142o ciekaw\u0105 przestrze\u0144 \u017cyciow\u0105 i dobre do\u015bwietlenie \u015bwiat\u0142em naturalnym.\u00a0<\/span> \t\t\t\t\t\t\t\t<\/div>\n\t\t\t\t<\/div>\n\t\t\t\t<div class=\"elementor-element elementor-element-da7d573 elementor-widget elementor-widget-text-editor\" data-id=\"da7d573\" data-element_type=\"widget\" data-e-type=\"widget\" data-widget_type=\"text-editor.default\">\n\t\t\t\t<div class=\"elementor-widget-container\">\n\t\t\t\t\t\t\t\t\t<span style=\"font-weight: 400;\">Rafa\u0142 chcia\u0142 by przestrze\u0144 mia\u0142a stylowy charakter, wi\u0119c postawi\u0142y\u015bmy na mocny kontrast pomi\u0119dzy g\u0142\u0119bokim granatem oraz kremowym be\u017cem.\u00a0<\/span> \t\t\t\t\t\t\t\t<\/div>\n\t\t\t\t<\/div>\n\t\t\t\t<div class=\"elementor-element elementor-element-93e487a elementor-widget elementor-widget-text-editor\" data-id=\"93e487a\" data-element_type=\"widget\" data-e-type=\"widget\" data-widget_type=\"text-editor.default\">\n\t\t\t\t<div class=\"elementor-widget-container\">\n\t\t\t\t\t\t\t\t\t<span style=\"font-weight: 400;\">Granat dominuje i nadaje wyrafinowany charakter. Kremowy dodaje r\u00f3wnowagi i rozja\u015bnia wn\u0119trze. Ca\u0142o\u015b\u0107 dope\u0142nia drewniana pod\u0142oga i blat kuchenny &#8211; dzi\u0119ki nim powsta\u0142o wra\u017cenie ciep\u0142a i przytulno\u015bci.\u00a0<\/span> \t\t\t\t\t\t\t\t<\/div>\n\t\t\t\t<\/div>\n\t\t\t\t<div class=\"elementor-element elementor-element-efdaf09 elementor-widget elementor-widget-text-editor\" data-id=\"efdaf09\" data-element_type=\"widget\" data-e-type=\"widget\" data-widget_type=\"text-editor.default\">\n\t\t\t\t<div class=\"elementor-widget-container\">\n\t\t\t\t\t\t\t\t\t<span style=\"font-weight: 400;\">To nie wszystko! Z\u0142ote detale dodaj\u0105 odrobin\u0119 elegancji i luksusu a odcienie butelkowej zieleni, ro\u015bliny oraz s\u0142omkowe i ratanowe dodatki wprowadzaj\u0105 elementy natury i prostoty.\u00a0<\/span> \t\t\t\t\t\t\t\t<\/div>\n\t\t\t\t<\/div>\n\t\t\t\t<div class=\"elementor-element elementor-element-916b088 elementor-widget elementor-widget-text-editor\" data-id=\"916b088\" data-element_type=\"widget\" data-e-type=\"widget\" data-widget_type=\"text-editor.default\">\n\t\t\t\t<div class=\"elementor-widget-container\">\n\t\t\t\t\t\t\t\t\t<span style=\"font-weight: 400;\">W projekcie liczy\u0142 si\u0119 nie tylko wygl\u0105d, ale i funkcjonalno\u015b\u0107! Ka\u017cdy centymetr przestrzeni ma przemy\u015blan\u0105 funkcj\u0119 a meble zosta\u0142y dobrane lub zaprojektowane \u201ena wymiar\u201d, aby go\u015bcie czuli si\u0119 w Apartamencie komfortowo.\u00a0<\/span> \t\t\t\t\t\t\t\t<\/div>\n\t\t\t\t<\/div>\n\t\t\t\t<div class=\"elementor-element elementor-element-92ef2f6 elementor-widget elementor-widget-text-editor\" data-id=\"92ef2f6\" data-element_type=\"widget\" data-e-type=\"widget\" data-widget_type=\"text-editor.default\">\n\t\t\t\t<div class=\"elementor-widget-container\">\n\t\t\t\t\t\t\t\t\t<span style=\"font-weight: 400;\">Atmosfer\u0119 \u2018\u2019Rajskiego Apartamentu\u2019\u2019 dope\u0142niaj\u0105 specjalnie zaprojektowane grafiki. Kola\u017cowo &#8211; syntetyczne obrazy autorstwa Anety Przebindy (Gugu Pain) dodaj\u0105 lekko\u015bci i charakteru.\u00a0<\/span> \t\t\t\t\t\t\t\t<\/div>\n\t\t\t\t<\/div>\n\t\t\t\t<div class=\"elementor-element elementor-element-ab43c3c elementor-widget elementor-widget-text-editor\" data-id=\"ab43c3c\" data-element_type=\"widget\" data-e-type=\"widget\" data-widget_type=\"text-editor.default\">\n\t\t\t\t<div class=\"elementor-widget-container\">\n\t\t\t\t\t\t\t\t\t<span style=\"font-weight: 400;\">Mimo niewielkiego rozmiaru, Rajski Apartament zapewnia go\u015bciom wygod\u0119 podczas relaksu, wakacji lub podr\u00f3\u017cy s\u0142u\u017cbowej. Przestrze\u0144 jest sp\u00f3jna i ma wyrazisty charakter. Sam apartament cieszy si\u0119 du\u017cym zainteresowaniem i ju\u017c przyni\u00f3s\u0142 Rafa\u0142owi znaczny zwrot z inwestycji!\u00a0<\/span> \t\t\t\t\t\t\t\t<\/div>\n\t\t\t\t<\/div>\n\t\t\t\t<div class=\"elementor-element elementor-element-30e6634 elementor-widget elementor-widget-image\" data-id=\"30e6634\" data-element_type=\"widget\" data-e-type=\"widget\" data-widget_type=\"image.default\">\n\t\t\t\t<div class=\"elementor-widget-container\">\n\t\t\t\t\t\t\t\t\t\t\t\t\t\t\t<img fetchpriority=\"high\" decoding=\"async\" width=\"1024\" height=\"768\" src=\"https:\/\/flamaster.com.pl\/wp-content\/uploads\/2023\/06\/flamaster-pracownia-projektowania-wnetrz-krakow-apartament-na-wynajem-8.webp\" class=\"attachment-full size-full wp-image-1803\" alt=\"\" srcset=\"https:\/\/flamaster.com.pl\/wp-content\/uploads\/2023\/06\/flamaster-pracownia-projektowania-wnetrz-krakow-apartament-na-wynajem-8.webp 1024w, https:\/\/flamaster.com.pl\/wp-content\/uploads\/2023\/06\/flamaster-pracownia-projektowania-wnetrz-krakow-apartament-na-wynajem-8-300x225.webp 300w, https:\/\/flamaster.com.pl\/wp-content\/uploads\/2023\/06\/flamaster-pracownia-projektowania-wnetrz-krakow-apartament-na-wynajem-8-768x576.webp 768w\" sizes=\"(max-width: 1024px) 100vw, 1024px\" \/>\t\t\t\t\t\t\t\t\t\t\t\t\t\t\t<\/div>\n\t\t\t\t<\/div>\n\t\t\t\t<div class=\"elementor-element elementor-element-4de43b5 elementor-widget elementor-widget-text-editor\" data-id=\"4de43b5\" data-element_type=\"widget\" data-e-type=\"widget\" data-widget_type=\"text-editor.default\">\n\t\t\t\t<div class=\"elementor-widget-container\">\n\t\t\t\t\t\t\t\t\tPodobnie jak Rafa\u0142 szukasz projektu dopasowanego do Twoich potrzeb?\nChcesz maksymalnie wykorzysta\u0107 niewielk\u0105 przestrze\u0144 w \u015bwietnej lokalizacji? Porozmawiajmy o Twojej inwestycji!\t\t\t\t\t\t\t\t<\/div>\n\t\t\t\t<\/div>\n\t\t\t\t<div class=\"elementor-element elementor-element-9209c9c elementor-align-left elementor-widget elementor-widget-button\" data-id=\"9209c9c\" data-element_type=\"widget\" data-e-type=\"widget\" data-widget_type=\"button.default\">\n\t\t\t\t<div class=\"elementor-widget-container\">\n\t\t\t\t\t\t\t\t\t<div class=\"elementor-button-wrapper\">\n\t\t\t\t\t<a class=\"elementor-button elementor-button-link elementor-size-sm\" href=\"https:\/kontakt\/\">\n\t\t\t\t\t\t<span class=\"elementor-button-content-wrapper\">\n\t\t\t\t\t\t\t\t\t<span class=\"elementor-button-text\">Kontakt<\/span>\n\t\t\t\t\t<\/span>\n\t\t\t\t\t<\/a>\n\t\t\t\t<\/div>\n\t\t\t\t\t\t\t\t<\/div>\n\t\t\t\t<\/div>\n\t\t\t\t<div class=\"elementor-element elementor-element-c9f5c97 elementor-widget elementor-widget-image\" data-id=\"c9f5c97\" data-element_type=\"widget\" data-e-type=\"widget\" data-widget_type=\"image.default\">\n\t\t\t\t<div class=\"elementor-widget-container\">\n\t\t\t\t\t\t\t\t\t\t\t\t\t\t\t<img decoding=\"async\" width=\"1024\" height=\"768\" src=\"https:\/\/flamaster.com.pl\/wp-content\/uploads\/2023\/06\/flamaster-pracownia-projektowania-wnetrz-krakow-apartament-na-wynajem-9.webp\" class=\"attachment-full size-full wp-image-1802\" alt=\"\" srcset=\"https:\/\/flamaster.com.pl\/wp-content\/uploads\/2023\/06\/flamaster-pracownia-projektowania-wnetrz-krakow-apartament-na-wynajem-9.webp 1024w, https:\/\/flamaster.com.pl\/wp-content\/uploads\/2023\/06\/flamaster-pracownia-projektowania-wnetrz-krakow-apartament-na-wynajem-9-300x225.webp 300w, https:\/\/flamaster.com.pl\/wp-content\/uploads\/2023\/06\/flamaster-pracownia-projektowania-wnetrz-krakow-apartament-na-wynajem-9-768x576.webp 768w\" sizes=\"(max-width: 1024px) 100vw, 1024px\" \/>\t\t\t\t\t\t\t\t\t\t\t\t\t\t\t<\/div>\n\t\t\t\t<\/div>\n\t\t\t\t<\/div>\n\t\t\t\t\t<\/div>\n\t\t\t\t<\/div>\n\t\t\t\t<\/div>\n\t\t","protected":false},"featured_media":0,"template":"","meta":{"site-sidebar-layout":"no-sidebar","site-content-layout":"page-builder","ast-site-content-layout":"full-width-container","site-content-style":"unboxed","site-sidebar-style":"unboxed","ast-global-header-display":"","ast-banner-title-visibility":"","ast-main-header-display":"","ast-hfb-above-header-display":"","ast-hfb-below-header-display":"","ast-hfb-mobile-header-display":"","site-post-title":"disabled","ast-breadcrumbs-content":"","ast-featured-img":"disabled","footer-sml-layout":"","ast-disable-related-posts":"","theme-transparent-header-meta":"","adv-header-id-meta":"","stick-header-meta":"","header-above-stick-meta":"","header-main-stick-meta":"","header-below-stick-meta":"","astra-migrate-meta-layouts":"set","ast-page-background-enabled":"default","ast-page-background-meta":{"desktop":{"background-color":"var(--ast-global-color-4)","background-image":"","background-repeat":"repeat","background-position":"center center","background-size":"auto","background-attachment":"scroll","background-type":"","background-media":"","overlay-type":"","overlay-color":"","overlay-opacity":"","overlay-gradient":""},"tablet":{"background-color":"","background-image":"","background-repeat":"repeat","background-position":"center center","background-size":"auto","background-attachment":"scroll","background-type":"","background-media":"","overlay-type":"","overlay-color":"","overlay-opacity":"","overlay-gradient":""},"mobile":{"background-color":"","background-image":"","background-repeat":"repeat","background-position":"center center","background-size":"auto","background-attachment":"scroll","background-type":"","background-media":"","overlay-type":"","overlay-color":"","overlay-opacity":"","overlay-gradient":""}},"ast-content-background-meta":{"desktop":{"background-color":"var(--ast-global-color-5)","background-image":"","background-repeat":"repeat","background-position":"center center","background-size":"auto","background-attachment":"scroll","background-type":"","background-media":"","overlay-type":"","overlay-color":"","overlay-opacity":"","overlay-gradient":""},"tablet":{"background-color":"var(--ast-global-color-5)","background-image":"","background-repeat":"repeat","background-position":"center center","background-size":"auto","background-attachment":"scroll","background-type":"","background-media":"","overlay-type":"","overlay-color":"","overlay-opacity":"","overlay-gradient":""},"mobile":{"background-color":"var(--ast-global-color-5)","background-image":"","background-repeat":"repeat","background-position":"center center","background-size":"auto","background-attachment":"scroll","background-type":"","background-media":"","overlay-type":"","overlay-color":"","overlay-opacity":"","overlay-gradient":""}}},"astra-portfolio-categories":[],"astra-portfolio-other-categories":[],"astra-portfolio-tags":[],"class_list":["post-2477","astra-portfolio","type-astra-portfolio","status-publish","hentry"],"astra-site-call-to-action":"","astra-site-open-in-new-tab":"0","astra-site-open-portfolio-in":"new-tab","astra-site-url":"","thumbnail-image-url":"https:\/\/flamaster.com.pl\/wp-content\/uploads\/2023\/10\/flamaster-pracownia-projektowania-wnetrz-krakow-apartament-na-wynajem-1.webp","thumbnail-image-meta":{"alt":"","title":"flamaster-pracownia-projektowania-wnetrz-krakow-apartament-na-wynajem (1)"},"lightbox-image-url":null,"portfolio-type":"page","portfolio-video-url":"","request_time":0.5998241901397705,"yoast_head":"<!-- This site is optimized with the Yoast SEO Premium plugin v27.0 (Yoast SEO v27.5) - https:\/\/yoast.com\/product\/yoast-seo-premium-wordpress\/ -->\n<title>Rajski apartament w sercu Krakowa - Flamaster - pracownia projektowania wn\u0119trz<\/title>\n<meta name=\"robots\" content=\"index, follow, max-snippet:-1, max-image-preview:large, max-video-preview:-1\" \/>\n<link rel=\"canonical\" href=\"https:\/\/flamaster.com.pl\/en\/astra-portfolio\/elementor-page-3013\/\" \/>\n<meta property=\"og:locale\" content=\"en_US\" \/>\n<meta property=\"og:type\" content=\"article\" \/>\n<meta property=\"og:title\" content=\"Rajski apartament w sercu Krakowa\" \/>\n<meta property=\"og:description\" content=\"\u2018\u2019Rajski Apartament\u2019\u2019 w sercu Krakowa lokalizacja: ul. Rajska, Krak\u00f3w zakres: PROJEKT WN\u0118TRZ, ROLA INWESTORA ZAST\u0118PCZEGO poznaj szczeg\u00f3\u0142y Czy 35 metrowy apartament na wynajem mo\u017ce by\u0107 funkcjonalny, stylowy i wygodny? Tak! Oto efekt naszej wsp\u00f3\u0142pracy z Rafa\u0142em, w\u0142a\u015bcicielem Rajskiego Apartamentu w Krakowie.\u00a0 Rafa\u0142 inwestuje w mieszkania przeznaczone na kr\u00f3tkoterminowy najem. Przy projektowaniu Rajskiego Apartamentu chcia\u0142 maksymalnie [&hellip;]\" \/>\n<meta property=\"og:url\" content=\"https:\/\/flamaster.com.pl\/en\/astra-portfolio\/elementor-page-3013\/\" \/>\n<meta property=\"og:site_name\" content=\"Flamaster - pracownia projektowania wn\u0119trz\" \/>\n<meta property=\"article:modified_time\" content=\"2025-09-02T16:27:17+00:00\" \/>\n<meta property=\"og:image\" content=\"https:\/\/flamaster.com.pl\/wp-content\/uploads\/2023\/06\/flamaster-pracownia-projektowania-wnetrz-krakow-apartament-na-wynajem-8.webp\" \/>\n<meta name=\"twitter:card\" content=\"summary_large_image\" \/>\n<script type=\"application\/ld+json\" class=\"yoast-schema-graph\">{\"@context\":\"https:\\\/\\\/schema.org\",\"@graph\":[{\"@type\":\"WebPage\",\"@id\":\"https:\\\/\\\/flamaster.com.pl\\\/astra-portfolio\\\/elementor-page-3013\\\/\",\"url\":\"https:\\\/\\\/flamaster.com.pl\\\/astra-portfolio\\\/elementor-page-3013\\\/\",\"name\":\"Rajski apartament w sercu Krakowa - Flamaster - pracownia projektowania wn\u0119trz\",\"isPartOf\":{\"@id\":\"https:\\\/\\\/flamaster.com.pl\\\/#website\"},\"primaryImageOfPage\":{\"@id\":\"https:\\\/\\\/flamaster.com.pl\\\/astra-portfolio\\\/elementor-page-3013\\\/#primaryimage\"},\"image\":{\"@id\":\"https:\\\/\\\/flamaster.com.pl\\\/astra-portfolio\\\/elementor-page-3013\\\/#primaryimage\"},\"thumbnailUrl\":\"https:\\\/\\\/flamaster.com.pl\\\/wp-content\\\/uploads\\\/2023\\\/06\\\/flamaster-pracownia-projektowania-wnetrz-krakow-apartament-na-wynajem-8.webp\",\"datePublished\":\"2025-09-02T16:24:35+00:00\",\"dateModified\":\"2025-09-02T16:27:17+00:00\",\"breadcrumb\":{\"@id\":\"https:\\\/\\\/flamaster.com.pl\\\/astra-portfolio\\\/elementor-page-3013\\\/#breadcrumb\"},\"inLanguage\":\"en-US\",\"potentialAction\":[{\"@type\":\"ReadAction\",\"target\":[\"https:\\\/\\\/flamaster.com.pl\\\/astra-portfolio\\\/elementor-page-3013\\\/\"]}]},{\"@type\":\"ImageObject\",\"inLanguage\":\"en-US\",\"@id\":\"https:\\\/\\\/flamaster.com.pl\\\/astra-portfolio\\\/elementor-page-3013\\\/#primaryimage\",\"url\":\"https:\\\/\\\/flamaster.com.pl\\\/wp-content\\\/uploads\\\/2023\\\/06\\\/flamaster-pracownia-projektowania-wnetrz-krakow-apartament-na-wynajem-8.webp\",\"contentUrl\":\"https:\\\/\\\/flamaster.com.pl\\\/wp-content\\\/uploads\\\/2023\\\/06\\\/flamaster-pracownia-projektowania-wnetrz-krakow-apartament-na-wynajem-8.webp\"},{\"@type\":\"BreadcrumbList\",\"@id\":\"https:\\\/\\\/flamaster.com.pl\\\/astra-portfolio\\\/elementor-page-3013\\\/#breadcrumb\",\"itemListElement\":[{\"@type\":\"ListItem\",\"position\":1,\"name\":\"Strona g\u0142\u00f3wna\",\"item\":\"https:\\\/\\\/flamaster.com.pl\\\/\"},{\"@type\":\"ListItem\",\"position\":2,\"name\":\"Portfolio\",\"item\":\"https:\\\/\\\/www.flamaster.com.pl\\\/astra-portfolio\\\/\"},{\"@type\":\"ListItem\",\"position\":3,\"name\":\"Rajski apartament w sercu Krakowa\"}]},{\"@type\":\"WebSite\",\"@id\":\"https:\\\/\\\/flamaster.com.pl\\\/#website\",\"url\":\"https:\\\/\\\/flamaster.com.pl\\\/\",\"name\":\"Flamaster - pracownia projektowania wn\u0119trz\",\"description\":\"Projektujemy funkcjonalne i estetyczne przestrzenie.\",\"publisher\":{\"@id\":\"https:\\\/\\\/flamaster.com.pl\\\/#organization\"},\"potentialAction\":[{\"@type\":\"SearchAction\",\"target\":{\"@type\":\"EntryPoint\",\"urlTemplate\":\"https:\\\/\\\/flamaster.com.pl\\\/?s={search_term_string}\"},\"query-input\":{\"@type\":\"PropertyValueSpecification\",\"valueRequired\":true,\"valueName\":\"search_term_string\"}}],\"inLanguage\":\"en-US\"},{\"@type\":[\"Organization\",\"Place\"],\"@id\":\"https:\\\/\\\/flamaster.com.pl\\\/#organization\",\"name\":\"Flamaster - pracownia projektowania wn\u0119trz i architektury\",\"url\":\"https:\\\/\\\/flamaster.com.pl\\\/\",\"logo\":{\"@id\":\"https:\\\/\\\/flamaster.com.pl\\\/astra-portfolio\\\/elementor-page-3013\\\/#local-main-organization-logo\"},\"image\":{\"@id\":\"https:\\\/\\\/flamaster.com.pl\\\/astra-portfolio\\\/elementor-page-3013\\\/#local-main-organization-logo\"},\"sameAs\":[\"https:\\\/\\\/www.instagram.com\\\/agata.plackowska\\\/\"],\"telephone\":[],\"openingHoursSpecification\":[{\"@type\":\"OpeningHoursSpecification\",\"dayOfWeek\":[\"Monday\",\"Tuesday\",\"Wednesday\",\"Thursday\",\"Friday\",\"Saturday\",\"Sunday\"],\"opens\":\"09:00\",\"closes\":\"17:00\"}]},{\"@type\":\"ImageObject\",\"inLanguage\":\"en-US\",\"@id\":\"https:\\\/\\\/flamaster.com.pl\\\/astra-portfolio\\\/elementor-page-3013\\\/#local-main-organization-logo\",\"url\":\"https:\\\/\\\/flamaster.com.pl\\\/wp-content\\\/uploads\\\/2023\\\/10\\\/Projekt-bez-nazwy-2023-10-23T114804.666-1.svg\",\"contentUrl\":\"https:\\\/\\\/flamaster.com.pl\\\/wp-content\\\/uploads\\\/2023\\\/10\\\/Projekt-bez-nazwy-2023-10-23T114804.666-1.svg\",\"width\":921,\"height\":928,\"caption\":\"Flamaster - pracownia projektowania wn\u0119trz i architektury\"}]}<\/script>\n<!-- \/ Yoast SEO Premium plugin. -->","yoast_head_json":{"title":"Rajski apartament w sercu Krakowa - Flamaster - pracownia projektowania wn\u0119trz","robots":{"index":"index","follow":"follow","max-snippet":"max-snippet:-1","max-image-preview":"max-image-preview:large","max-video-preview":"max-video-preview:-1"},"canonical":"https:\/\/flamaster.com.pl\/en\/astra-portfolio\/elementor-page-3013\/","og_locale":"en_US","og_type":"article","og_title":"Rajski apartament w sercu Krakowa","og_description":"\u2018\u2019Rajski Apartament\u2019\u2019 w sercu Krakowa lokalizacja: ul. Rajska, Krak\u00f3w zakres: PROJEKT WN\u0118TRZ, ROLA INWESTORA ZAST\u0118PCZEGO poznaj szczeg\u00f3\u0142y Czy 35 metrowy apartament na wynajem mo\u017ce by\u0107 funkcjonalny, stylowy i wygodny? Tak! Oto efekt naszej wsp\u00f3\u0142pracy z Rafa\u0142em, w\u0142a\u015bcicielem Rajskiego Apartamentu w Krakowie.\u00a0 Rafa\u0142 inwestuje w mieszkania przeznaczone na kr\u00f3tkoterminowy najem. Przy projektowaniu Rajskiego Apartamentu chcia\u0142 maksymalnie [&hellip;]","og_url":"https:\/\/flamaster.com.pl\/en\/astra-portfolio\/elementor-page-3013\/","og_site_name":"Flamaster - pracownia projektowania wn\u0119trz","article_modified_time":"2025-09-02T16:27:17+00:00","og_image":[{"url":"https:\/\/flamaster.com.pl\/wp-content\/uploads\/2023\/06\/flamaster-pracownia-projektowania-wnetrz-krakow-apartament-na-wynajem-8.webp","type":"","width":"","height":""}],"twitter_card":"summary_large_image","schema":{"@context":"https:\/\/schema.org","@graph":[{"@type":"WebPage","@id":"https:\/\/flamaster.com.pl\/astra-portfolio\/elementor-page-3013\/","url":"https:\/\/flamaster.com.pl\/astra-portfolio\/elementor-page-3013\/","name":"Rajski apartament w sercu Krakowa - Flamaster - pracownia projektowania wn\u0119trz","isPartOf":{"@id":"https:\/\/flamaster.com.pl\/#website"},"primaryImageOfPage":{"@id":"https:\/\/flamaster.com.pl\/astra-portfolio\/elementor-page-3013\/#primaryimage"},"image":{"@id":"https:\/\/flamaster.com.pl\/astra-portfolio\/elementor-page-3013\/#primaryimage"},"thumbnailUrl":"https:\/\/flamaster.com.pl\/wp-content\/uploads\/2023\/06\/flamaster-pracownia-projektowania-wnetrz-krakow-apartament-na-wynajem-8.webp","datePublished":"2025-09-02T16:24:35+00:00","dateModified":"2025-09-02T16:27:17+00:00","breadcrumb":{"@id":"https:\/\/flamaster.com.pl\/astra-portfolio\/elementor-page-3013\/#breadcrumb"},"inLanguage":"en-US","potentialAction":[{"@type":"ReadAction","target":["https:\/\/flamaster.com.pl\/astra-portfolio\/elementor-page-3013\/"]}]},{"@type":"ImageObject","inLanguage":"en-US","@id":"https:\/\/flamaster.com.pl\/astra-portfolio\/elementor-page-3013\/#primaryimage","url":"https:\/\/flamaster.com.pl\/wp-content\/uploads\/2023\/06\/flamaster-pracownia-projektowania-wnetrz-krakow-apartament-na-wynajem-8.webp","contentUrl":"https:\/\/flamaster.com.pl\/wp-content\/uploads\/2023\/06\/flamaster-pracownia-projektowania-wnetrz-krakow-apartament-na-wynajem-8.webp"},{"@type":"BreadcrumbList","@id":"https:\/\/flamaster.com.pl\/astra-portfolio\/elementor-page-3013\/#breadcrumb","itemListElement":[{"@type":"ListItem","position":1,"name":"Strona g\u0142\u00f3wna","item":"https:\/\/flamaster.com.pl\/"},{"@type":"ListItem","position":2,"name":"Portfolio","item":"https:\/\/www.flamaster.com.pl\/astra-portfolio\/"},{"@type":"ListItem","position":3,"name":"Rajski apartament w sercu Krakowa"}]},{"@type":"WebSite","@id":"https:\/\/flamaster.com.pl\/#website","url":"https:\/\/flamaster.com.pl\/","name":"Flamaster - pracownia projektowania wn\u0119trz","description":"Projektujemy funkcjonalne i estetyczne przestrzenie.","publisher":{"@id":"https:\/\/flamaster.com.pl\/#organization"},"potentialAction":[{"@type":"SearchAction","target":{"@type":"EntryPoint","urlTemplate":"https:\/\/flamaster.com.pl\/?s={search_term_string}"},"query-input":{"@type":"PropertyValueSpecification","valueRequired":true,"valueName":"search_term_string"}}],"inLanguage":"en-US"},{"@type":["Organization","Place"],"@id":"https:\/\/flamaster.com.pl\/#organization","name":"Flamaster - pracownia projektowania wn\u0119trz i architektury","url":"https:\/\/flamaster.com.pl\/","logo":{"@id":"https:\/\/flamaster.com.pl\/astra-portfolio\/elementor-page-3013\/#local-main-organization-logo"},"image":{"@id":"https:\/\/flamaster.com.pl\/astra-portfolio\/elementor-page-3013\/#local-main-organization-logo"},"sameAs":["https:\/\/www.instagram.com\/agata.plackowska\/"],"telephone":[],"openingHoursSpecification":[{"@type":"OpeningHoursSpecification","dayOfWeek":["Monday","Tuesday","Wednesday","Thursday","Friday","Saturday","Sunday"],"opens":"09:00","closes":"17:00"}]},{"@type":"ImageObject","inLanguage":"en-US","@id":"https:\/\/flamaster.com.pl\/astra-portfolio\/elementor-page-3013\/#local-main-organization-logo","url":"https:\/\/flamaster.com.pl\/wp-content\/uploads\/2023\/10\/Projekt-bez-nazwy-2023-10-23T114804.666-1.svg","contentUrl":"https:\/\/flamaster.com.pl\/wp-content\/uploads\/2023\/10\/Projekt-bez-nazwy-2023-10-23T114804.666-1.svg","width":921,"height":928,"caption":"Flamaster - pracownia projektowania wn\u0119trz i architektury"}]}},"_links":{"self":[{"href":"https:\/\/flamaster.com.pl\/en\/wp-json\/wp\/v2\/astra-portfolio\/2477","targetHints":{"allow":["GET"]}}],"collection":[{"href":"https:\/\/flamaster.com.pl\/en\/wp-json\/wp\/v2\/astra-portfolio"}],"about":[{"href":"https:\/\/flamaster.com.pl\/en\/wp-json\/wp\/v2\/types\/astra-portfolio"}],"version-history":[{"count":4,"href":"https:\/\/flamaster.com.pl\/en\/wp-json\/wp\/v2\/astra-portfolio\/2477\/revisions"}],"predecessor-version":[{"id":3012,"href":"https:\/\/flamaster.com.pl\/en\/wp-json\/wp\/v2\/astra-portfolio\/2477\/revisions\/3012"}],"wp:attachment":[{"href":"https:\/\/flamaster.com.pl\/en\/wp-json\/wp\/v2\/media?parent=2477"}],"wp:term":[{"taxonomy":"astra-portfolio-categories","embeddable":true,"href":"https:\/\/flamaster.com.pl\/en\/wp-json\/wp\/v2\/astra-portfolio-categories?post=2477"},{"taxonomy":"astra-portfolio-other-categories","embeddable":true,"href":"https:\/\/flamaster.com.pl\/en\/wp-json\/wp\/v2\/astra-portfolio-other-categories?post=2477"},{"taxonomy":"astra-portfolio-tags","embeddable":true,"href":"https:\/\/flamaster.com.pl\/en\/wp-json\/wp\/v2\/astra-portfolio-tags?post=2477"}],"curies":[{"name":"wp","href":"https:\/\/api.w.org\/{rel}","templated":true}]}}